{"id":377,"date":"2025-03-11T22:27:26","date_gmt":"2025-03-11T21:27:26","guid":{"rendered":"https:\/\/gyorteszt.lutheran.hu\/wordpress\/?page_id=377"},"modified":"2025-03-16T19:32:33","modified_gmt":"2025-03-16T18:32:33","slug":"ottevenyi-evangelikus-templom","status":"publish","type":"page","link":"https:\/\/gyor.lutheran.hu\/?page_id=377","title":{"rendered":"\u00d6ttev\u00e9nyi Evang\u00e9likus Templom"},"content":{"rendered":"\n<figure class=\"wp-block-image size-large\"><img loading=\"lazy\" decoding=\"async\" width=\"1024\" height=\"896\" src=\"https:\/\/gyor.lutheran.hu\/wp-content\/uploads\/2025\/03\/DSC_9903-1024x896.jpg\" alt=\"\" class=\"wp-image-442\" srcset=\"https:\/\/gyor.lutheran.hu\/wp-content\/uploads\/2025\/03\/DSC_9903-1024x896.jpg 1024w, https:\/\/gyor.lutheran.hu\/wp-content\/uploads\/2025\/03\/DSC_9903-300x263.jpg 300w, https:\/\/gyor.lutheran.hu\/wp-content\/uploads\/2025\/03\/DSC_9903-768x672.jpg 768w, https:\/\/gyor.lutheran.hu\/wp-content\/uploads\/2025\/03\/DSC_9903-1536x1344.jpg 1536w, https:\/\/gyor.lutheran.hu\/wp-content\/uploads\/2025\/03\/DSC_9903-2048x1792.jpg 2048w\" sizes=\"auto, (max-width: 1024px) 100vw, 1024px\" \/><\/figure>\n\n\n\n<p><strong>C\u00edm:<\/strong> <a href=\"https:\/\/www.google.com\/maps\/place\/%C3%96ttev%C3%A9nyi+Evang%C3%A9likus+templom\/@47.7203588,17.4874057,17z\/data=!3m1!4b1!4m6!3m5!1s0x476b93bbbd3bc451:0x19ea405f395be7bf!8m2!3d47.7203588!4d17.4899806!16s%2Fg%2F11lrr31d2w?entry=ttu&amp;g_ep=EgoyMDI1MDMwOC4wIKXMDSoASAFQAw%3D%3D\" target=\"_blank\" rel=\"noreferrer noopener\">9153 \u00d6ttev\u00e9ny, Pet\u0151fi S\u00e1ndor u. 2.<\/a> \u00a0 \u00a0 \u00a0 \u00a0 \u00a0 \u00a0 \u00a0 \u00a0 \u00a0 \u00a0 \u00a0 \u00a0 \u00a0 \u00a0 \u00a0 \u00a0 \u00a0 \u00a0 \u00a0 \u00a0 \u00a0 \u00a0 \u00a0 \u00a0 \u00a0 \u00a0 \u00a0<\/p>\n\n\n\n<p><strong>Irodai el\u00e9rhet\u0151s\u00e9g:<\/strong> Gy\u0151ri Evang\u00e9likus Egyh\u00e1zk\u00f6zs\u00e9g 9026 Gy\u0151r, Pet\u0151fi t\u00e9r 2. &#8211; 06\/20\/824-8101<\/p>\n\n\n\n<p><strong>Istentisztelet<\/strong>: minden h\u00f3nap 2. \u00e9s 4. vas\u00e1rnapj\u00e1n 8:30&nbsp;<\/p>\n\n\n\n<p><strong>&nbsp;PRESBITEREK:<\/strong><\/p>\n\n\n\n<p><\/p>\n\n\n\n<h2 class=\"wp-block-heading\"><strong>Az \u00f6ttev\u00e9nyi evang\u00e9likus templom t\u00f6rt\u00e9nete<\/strong><\/h2>\n\n\n\n<blockquote class=\"wp-block-quote is-layout-flow wp-block-quote-is-layout-flow\">\n<p><em>\u201e\u00d6r\u00fcljetek az \u00daRnak (\u2026), vigadjatok mind, ti igaz sz\u00edv\u0171ek.&#8221;(Zsolt 32,11)<\/em><\/p>\n<\/blockquote>\n\n\n\n<p>S\u0171r\u0171 v\u00e1ltoz\u00e1sok k\u00f6z\u00f6tt telnek az \u00e9vek, felgyorsult mindennapi \u00e9let\u00fcnk; feled\u00e9sbe mer\u00fclt a m\u00falt sok-sok jelent\u0151s esem\u00e9nye.&nbsp;<br>2009. augusztus 25-\u00e9n az \u00f6ttev\u00e9nyi evang\u00e9likusok sz\u00e1m\u00e1ra fontos t\u00f6rt\u00e9n\u00e9sre eml\u00e9kez\u00fcnk: 80 \u00e9ves lett templomunk!<\/p>\n\n\n\n<p>Hogy mi\u00e9rt csak a XX. sz\u00e1zad elej\u00e9n \u00e9p\u00fclt fel ez a templom, arra hajdani sz\u00e1zadok adnak magyar\u00e1zatot. Tekints\u00fcnk a m\u00faltba, ismerj\u00fck meg \u2013 n\u00e9h\u00e1ny rendelkez\u00e9sre \u00e1ll\u00f3 dokumentum alapj\u00e1n \u2013 mi t\u00f6rt\u00e9nt az \u00f6ttev\u00e9nyi egyh\u00e1zzal a reform\u00e1ci\u00f3 \u00f3ta!<\/p>\n\n\n\n<p>A P\u00e1lmai Lajos lelk\u00e9sz \u00e1ltal \u00f6ssze\u00e1ll\u00edtott, 1927-es \u00e9vk\u00f6nyvben a k\u00f6vetkez\u0151 olvashat\u00f3:<\/p>\n\n\n\n<blockquote class=\"wp-block-quote is-layout-flow wp-block-quote-is-layout-flow\">\n<p>\u201e&#8230; a reform\u00e1ci\u00f3 hajnal\u00e1n hossz\u00fa id\u0151n \u00e1t \u00f6n\u00e1ll\u00f3, nagy evang. gy\u00fclekezet volt \u00d6ttev\u00e9nyen templommal, iskol\u00e1val, lelk\u00e9sszel, tan\u00edt\u00f3val. 1634-ben vett\u00e9k el er\u0151szakkal templomukat. Ez az esztend\u0151 hal\u00e1los d\u00f6f\u00e9st m\u00e9rt a Szigetk\u00f6z evang\u00e9likus gy\u00fclekezeteire. \u00d6t gy\u00fclekezetet semmis\u00edtett meg. A t\u00f6bbiek teljesen elpusztultak. Ahol valamikor ev. templom \u00e1llott, ott ma h\u00edrmagnak sincs evang. ember. Ki gondol ma H\u00e9derv\u00e1r, Remete, Lip\u00f3t, \u00c1sv\u00e1ny, Szentp\u00e1lban arra, hogy ezek valamikor j\u00f3form\u00e1n szintiszta evang. k\u00f6zs\u00e9gek voltak. Az \u00f6ttev\u00e9nyiek a szent marad\u00e9k. \u0150k tartottak ki egyed\u00fcl. \u00c9vsz\u00e1zados v\u00e1gy lobog benn\u00fck. Siratj\u00e1k, mint a zsid\u00f3k az elvett templomot.\u201d &nbsp;<\/p>\n<\/blockquote>\n\n\n\n<blockquote class=\"wp-block-quote is-layout-flow wp-block-quote-is-layout-flow\">\n<p><em>\u201eMost az\u00e9rt megmarad a hit, a rem\u00e9ny, a szeretet&#8230;\u201d (1 Kor 13, 13)<\/em><\/p>\n<\/blockquote>\n\n\n\n<p>Gy\u0151r megy\u00e9ben, a megosztott templomban is igyekeztek az evang\u00e9likus \u00e9s reform\u00e1tus lelk\u00e9szeket tev\u00e9kenys\u00e9g\u00fckben megakad\u00e1lyozni. Az evang\u00e9likus lelk\u00e9szeknek nem enged\u00e9lyezt\u00e9k a betegek vigasztal\u00e1s\u00e1t, az \u00farvacsora oszt\u00e1s\u00e1t. T\u00e1rsadalmi nyom\u00e1s nehezedett m\u00e9g a c\u00e9hek evang\u00e9likus tagjaira is. Erre az id\u0151re esik az \u00f6ttev\u00e9nyi templom elfoglal\u00e1sa. I. Lip\u00f3t uralkod\u00e1sa alatt \u2013 1671-72-ben \u2013 felsz\u00e1molt\u00e1k az igen kicsi imah\u00e1zakat is. 80 lelk\u00e9szt \u0171ztek el a falvakb\u00f3l. Az \u00f6ttev\u00e9nyieknek hit\u00fck\u00e9rt val\u00f3 k\u00fczdelme folytat\u00f3dott. Az \u00e9vsz\u00e1zadok m\u00fal\u00e1s\u00e1val az evang\u00e9likus csal\u00e1dok ut\u00f3dokat neveltek fel, akik \u0151rizt\u00e9k el\u0151deik er\u0151s hit\u00e9t. Nem mondtak le arr\u00f3l, hogy k\u00f6z\u00f6ss\u00e9g\u00fcknek templomot emeljenek.<\/p>\n\n\n\n<p>A XX. sz\u00e1zad elej\u00e9n, 1907-ben Gyur\u00e1tz Ferenc p\u00fcsp\u00f6k megl\u00e1togatta az \u00f6ttev\u00e9nyi gy\u00fclekezetet. A F\u00f6ldv\u00e1ry kast\u00e9lyban l\u00e1tt\u00e1k vend\u00e9g\u00fcl. F\u00f6ldv\u00e1ry Mikl\u00f3sn\u00e9 lelkesen fogadta a templom\u00e9p\u00edt\u00e9s gondolat\u00e1t, amely ekkor meghi\u00fasult. A megindult mozgalom nem volt el\u00e9g er\u0151s. 1912-b\u0151l val\u00f3 az a dokumentum, amely az \u00f6ttev\u00e9nyi \u2013 L\u00e9b\u00e9nyhez tartoz\u00f3 fi\u00f3kegyh\u00e1z \u2013 k\u00e9r\u00e9s\u00e9t tartalmazza. \u201eLumnicer Mih\u00e1ly fel\u00fcgyel\u0151 \u00far el\u0151adja az \u00f6ttev\u00e9nyi fi\u00f3kegyh\u00e1zk\u00f6zs\u00e9gnek azon k\u00e9r\u00e9s\u00e9t, hogy mivel \u00d6ttev\u00e9nynek sokkal jobb \u00f6sszek\u00f6ttet\u00e9se van Gy\u0151rrel mint L\u00e9b\u00e9nnyel, egyezz\u00e9k bele a l\u00e9b\u00e9nyi anyaegyh\u00e1z , hogy L\u00e9b\u00e9nyt\u0151l leszakadva, Gy\u0151rh\u00f6z csatlakozhassanak, egy\u00fattal a l\u00e9b\u00e9nyi anyaegyh\u00e1z ir\u00e1nti minden anyagi k\u00f6telezetts\u00e9g\u00fckt\u0151l mentessenek fel. K\u00f6zgy\u0171l\u00e9s m\u00e9lt\u00e1nyolva az \u00f6ttev\u00e9nyi fi\u00f3kegyh\u00e1z 1912. \u00e1pril. 21.\u00e9n kelt folyamodv\u00e1ny\u00e1ban felhozott, valamint Lumnitzer fel\u00fcgyel\u0151 \u00far \u00e1ltal eml\u00edtett okokat, hivatkoz\u00e1ssal egy\u00fattal a gy\u0151ri \u00e1g. h. ev. egyh\u00e1zmegye 1912. junius 29-\u00e9n tartott k\u00f6zgy\u0171l\u00e9s\u00e9r\u0151l felvett jegyz\u0151k\u00f6nyvnek 18. pontj\u00e1ra, beleegyezik abba, hogy \u00d6ttev\u00e9ny fi\u00f3kegyh\u00e1z a l\u00e9b\u00e9nyi anyaegyh\u00e1zt\u00f3l elszakadva, a gy\u0151ri \u00e1g. h. ev. anyaegyh\u00e1zhoz csatoltass\u00e9k.&nbsp;<\/p>\n\n\n\n<blockquote class=\"wp-block-quote is-layout-flow wp-block-quote-is-layout-flow\">\n<p><em>\u201eMert a nyomor\u00fas\u00e1g sok pr\u00f3b\u00e1ja k\u00f6z\u00f6tt b\u0151s\u00e9ges az \u00f6r\u00f6m\u00fck \u00e9s a nagy szeg\u00e9nys\u00e9g\u00fckb\u0151l a tisztasz\u00edv\u0171s\u00e9g gazdags\u00e1ga lett. Tan\u00faskodom arr\u00f3l, hogy erej\u00fck szerint, s\u0151t erej\u00fck\u00f6n fel\u00fcl is \u00f6nk\u00e9nt adakoztak&#8230;\u201d<br>&nbsp;(2 Kor 8, 2-4)<\/em><\/p>\n<\/blockquote>\n\n\n\n<p>A hit \u00f6sszetart\u00f3 er\u0151. Az emberek \u00f6sszefogtak a templom \u00e9p\u00edt\u00e9sekor: seg\u00edtettek munk\u00e1val \u00e9s adom\u00e1nyokkal. F\u00f6ldv\u00e1ry Val\u00e9ria sorsjegyakci\u00f3t szervezett a templom jav\u00e1ra. \u00dajs\u00e1gcikkek is jelentek meg az \u00f6ttev\u00e9nyiek mozgalm\u00e1r\u00f3l. \u00c9s j\u00f6ttek az adom\u00e1nyok B\u00e9k\u00e9scsab\u00e1t\u00f3l Sopronig, Tokajt\u00f3l T\u00f6lt\u00e9stav\u00e1ig sz\u00e1mtalan v\u00e1rosb\u00f3l falub\u00f3l, m\u00e9g Olaszorsz\u00e1gb\u00f3l \u00e9s Amerik\u00e1b\u00f3l is.<br>A gy\u0151ri egyh\u00e1z 1000 peng\u0151t, az \u00e1llam 500-at, dr. Szent-Iv\u00e1ny G\u00e9za 400-at, Lumnitzer Mih\u00e1ly le\u00e1nya 200-at, F\u00f6ldv\u00e1ry Val\u00e9ria 250 peng\u0151t adom\u00e1nyozott. F\u00f6ldv\u00e1ry Val\u00e9ria a p\u00e9nzen k\u00edv\u00fcl \u00e9rt\u00e9kes olt\u00e1rter\u00edt\u0151t is k\u00e9sz\u00edttetett, az \u00f6ttev\u00e9nyi le\u00e1nyok pedig varrtak egyet. Az \u00e1llom\u00e1sf\u0151n\u00f6k, Weisz S\u00e1ndor, aki r\u00f3mai katolikus volt, a templom terrazz\u00f3 burkolat\u00e1t aj\u00e1nd\u00e9kozta, \u00e9s nagy gonddal, szeretettel figyelte, ellen\u0151rizte az \u00e9p\u00edt\u00e9s minden mozzanat\u00e1t.&nbsp;<br>Az olt\u00e1rra a keresztet az \u00f6ttev\u00e9nyi Rib\u00e1r Mih\u00e1lyn\u00e9 adom\u00e1nyozta. A gy\u0151ri Kov\u00e1cs P\u00e1lt\u00f3l pedig harangk\u00f6telet kapott a gy\u00fclekezet.<br>Ill\u0151 megeml\u00e9kezni S\u00e1ndor L\u00e1szl\u00f3n\u00e9 sz. Polg\u00e1r Zs\u00f3fia new-yorki lakosr\u00f3l, aki Amerik\u00e1ban hallgatta Kapi B\u00e9la p\u00fcsp\u00f6k pr\u00e9dik\u00e1ci\u00f3j\u00e1t, \u00e9s ennek nyom\u00e1n k\u00fcl\u00f6nb\u00f6z\u0151 c\u00e9lokra 32 doll\u00e1rt k\u00fcld\u00f6tt \u00d6ttev\u00e9nyre. (Kar\u00e1csonyra a szeg\u00e9nyebb gyerekeknek 10 doll\u00e1rt narancs \u00e9s di\u00f3 v\u00e1s\u00e1rl\u00e1s\u00e1ra.)<\/p>\n\n\n\n<blockquote class=\"wp-block-quote is-layout-flow wp-block-quote-is-layout-flow\">\n<p><em>\u201eB\u00f6lcsess\u00e9g \u00e9p\u00edti a h\u00e1zat, az \u00e9rtelem szil\u00e1rd\u00edtja meg.\u201d (P\u00e9ld 24,3)<\/em><\/p>\n<\/blockquote>\n\n\n\n<p>De hi\u00e1ba lett volna nek\u00fcnk minden \u00f6sszefog\u00e1sunk, ha Isten nem ad mell\u00e9nk oly embert, mint amilyen Cz\u00e9h Lajos. \u0150 volt az, aki ennek a templomnak a terv\u00e9t elk\u00e9sz\u00edtette, fel\u00e9p\u00edt\u00e9s\u00e9t annyira ambicion\u00e1lta, hogy \u00f6nk\u00f6lts\u00e9gi \u00e1ron alul csin\u00e1lta meg.&nbsp;<\/p>\n\n\n\n<p>Lelkes p\u00e9ld\u00e1ja \u00e1tragadt a t\u00f6bbi iparosokra is. Az olt\u00e1rt \u00e9s sz\u00f3sz\u00e9ket Kecsk\u00e9s J\u00e1nos gy\u0151ri hittestv\u00e9r\u00fcnk tervezte \u00e9s k\u00e9sz\u00edtette, fest\u00e9s\u00e9t id. Moln\u00e1r Istv\u00e1n gy\u0151ri hittestv\u00e9r\u00fcnk v\u00e9gezte. Mindketten semmi nyeress\u00e9get sem fogadtak el t\u0151l\u00fcnk. A harangot, melyre Luk\u00e1cs 15., 24. vers\u00e9t \u00edrtuk fel, a soproni Seltenhofer-c\u00e9g, szint\u00e9n hittestv\u00e9r\u00fcnk k\u00e9sz\u00edtette 10 sz\u00e1zal\u00e9kos engedm\u00e9nnyel. &nbsp;A harm\u00f3niumot Mikl\u00e1s Mih\u00e1ly egyh\u00e1zfel\u00fcgyel\u0151 \u00far szives k\u00f6zbenj\u00e1r\u00e1s\u00e1ra, a p\u00e9csi Angster-c\u00e9g sz\u00e1ll\u00edtotta teljes \u00f6nk\u00f6lts\u00e9gi \u00e1ron. Csak \u00edgy \u00e9p\u00fclhetett meg ez a templom 11350 peng\u0151 3 fill\u00e9r\u00e9rt. De \u00edgy hirdeti a magyar iparos \u00f6nzetlens\u00e9g\u00e9t; nemes eszm\u00e9k\u00e9rt lelkesedni \u00e9s \u00e1ldozni tud\u00e1s\u00e1t is. Ez a templom a magyar ipar becs\u00fclete. Az \u00f6ttev\u00e9nyieknek pedig ez a templom a protest\u00e1ci\u00f3 temploma. \u00cdgy is nevezt\u00e9k el. Azt akarj\u00e1k, hogy legyen ez a templom k\u0151be\u00e9p\u00fclt tiltakoz\u00e1s a lelkiismereti szabads\u00e1g minden elnyom\u00e1sa ellen, de legyen egyben k\u0151be \u00e9p\u00fclt bizonys\u00e1gt\u00e9tel is arr\u00f3l, hogy \u0151k \u0151seikhez h\u00edven ink\u00e1bb meghalnak, de hit\u00fcket nem hagyj\u00e1k. Nekik Er\u0151s v\u00e1r a mi Isten\u00fcnk. Benne b\u00edznak, amikor a j\u00f6vend\u0151be n\u00e9znek.\u201d &nbsp;<\/p>\n\n\n\n<p>A templom fal\u00e1n mai napig olvashat\u00f3 ez a k\u0151be v\u00e9sett hitvall\u00e1s:<\/p>\n\n\n\n<blockquote class=\"wp-block-quote is-layout-flow wp-block-quote-is-layout-flow\">\n<p>\u201eEzt a templomot a h\u00e1romsz\u00e1zaddal ezel\u0151tt elvett templom helyett \u00e9p\u00edtette s a protest\u00e1ci\u00f3 templom\u00e1nak nevezte el az \u00f6ttev\u00e9nyi szent marad\u00e9k 1929.\u201d<\/p>\n<\/blockquote>\n\n\n\n<p>A templom felszentel\u00e9sre 1929. aug. 25-\u00e9n ker\u00fclt sor Kapi B\u00e9la p\u00fcsp\u00f6k szolg\u00e1lat\u00e1val, t\u00f6bb egyh\u00e1zi el\u00f6lj\u00e1r\u00f3 k\u00eds\u00e9ret\u00e9ben. Jelen volt az \u00fcnneps\u00e9gen a megyei, a k\u00f6zs\u00e9gi el\u00f6lj\u00e1r\u00f3s\u00e1g, nagy k\u00f6z\u00f6ns\u00e9g Gy\u0151rb\u0151l \u00e9s az eg\u00e9sz k\u00f6rny\u00e9kr\u0151l. Az avat\u00e1st k\u00f6vet\u0151en sz\u00e9p\u00edtett\u00e9k a lakosok a bels\u0151 kertet, rendezt\u00e9k a templom k\u00f6rny\u00e9k\u00e9t.<\/p>\n\n\n\n<p>A templom k\u00f6r\u00fcli munk\u00e1k az ut\u00f3bbi \u00e9vtizedekben sem fejez\u0151dtek be. 1964-ben sekresty\u00e9vel eg\u00e9sz\u00fclt ki a templomt\u00e9r. 1996-ban \u00faj padok k\u00e9sz\u00fcltek. 2008-ban pedig a teljes tet\u0151 valamint a bej\u00e1rati ajt\u00f3 cser\u00e9j\u00e9re ker\u00fclt sor.&nbsp;<\/p>\n\n\n\n<p>Adja Isten, hogy \u00d6ttev\u00e9ny evang\u00e9likus templom\u00e1nak sorsa soha ne legyen bizonytalan. Az itt \u00e9l\u0151 evang\u00e9likusok \u0151rizz\u00e9k hittel ezt a hajl\u00e9kot \u00e9s rem\u00e9nys\u00e9ggel adj\u00e1k \u00e1t ut\u00f3daiknak!<\/p>\n","protected":false},"excerpt":{"rendered":"<p>C\u00edm: 9153 \u00d6ttev\u00e9ny, Pet\u0151fi S\u00e1ndor u. 2. \u00a0 \u00a0 \u00a0 \u00a0 \u00a0 \u00a0 \u00a0 \u00a0 \u00a0 \u00a0 \u00a0 \u00a0 \u00a0 \u00a0 \u00a0 \u00a0 \u00a0 \u00a0 \u00a0 \u00a0 \u00a0 \u00a0 \u00a0 \u00a0 \u00a0 \u00a0 \u00a0 Irodai el\u00e9rhet\u0151s\u00e9g: Gy\u0151ri Evang\u00e9likus Egyh\u00e1zk\u00f6zs\u00e9g 9026 Gy\u0151r, Pet\u0151fi t\u00e9r 2. &#8211; 06\/20\/824-8101 Istentisztelet: minden h\u00f3nap 2. \u00e9s 4. vas\u00e1rnapj\u00e1n 8:30&nbsp; &nbsp;PRESBITEREK: [&hellip;]<\/p>\n","protected":false},"author":1,"featured_media":0,"parent":26,"menu_order":0,"comment_status":"closed","ping_status":"closed","template":"","meta":{"footnotes":""},"class_list":["post-377","page","type-page","status-publish","hentry"],"yoast_head":"<!-- This site is optimized with the Yoast SEO plugin v27.5 - https:\/\/yoast.com\/product\/yoast-seo-wordpress\/ -->\n<title>\u00d6ttev\u00e9nyi Evang\u00e9likus Templom - Gy\u0151ri Evang\u00e9likus Egyh\u00e1zk\u00f6zs\u00e9g<\/title>\n<meta name=\"robots\" content=\"index, follow, max-snippet:-1, max-image-preview:large, max-video-preview:-1\" \/>\n<link rel=\"canonical\" href=\"https:\/\/gyor.lutheran.hu\/?page_id=377\" \/>\n<meta property=\"og:locale\" content=\"hu_HU\" \/>\n<meta property=\"og:type\" content=\"article\" \/>\n<meta property=\"og:title\" content=\"\u00d6ttev\u00e9nyi Evang\u00e9likus Templom - Gy\u0151ri Evang\u00e9likus Egyh\u00e1zk\u00f6zs\u00e9g\" \/>\n<meta property=\"og:description\" content=\"C\u00edm: 9153 \u00d6ttev\u00e9ny, Pet\u0151fi S\u00e1ndor u. 2. \u00a0 \u00a0 \u00a0 \u00a0 \u00a0 \u00a0 \u00a0 \u00a0 \u00a0 \u00a0 \u00a0 \u00a0 \u00a0 \u00a0 \u00a0 \u00a0 \u00a0 \u00a0 \u00a0 \u00a0 \u00a0 \u00a0 \u00a0 \u00a0 \u00a0 \u00a0 \u00a0 Irodai el\u00e9rhet\u0151s\u00e9g: Gy\u0151ri Evang\u00e9likus Egyh\u00e1zk\u00f6zs\u00e9g 9026 Gy\u0151r, Pet\u0151fi t\u00e9r 2. &#8211; 06\/20\/824-8101 Istentisztelet: minden h\u00f3nap 2. \u00e9s 4. vas\u00e1rnapj\u00e1n 8:30&nbsp; &nbsp;PRESBITEREK: [&hellip;]\" \/>\n<meta property=\"og:url\" content=\"https:\/\/gyor.lutheran.hu\/?page_id=377\" \/>\n<meta property=\"og:site_name\" content=\"Gy\u0151ri Evang\u00e9likus Egyh\u00e1zk\u00f6zs\u00e9g\" \/>\n<meta property=\"article:publisher\" content=\"https:\/\/www.facebook.com\/profile.php?id=100064848424606\" \/>\n<meta property=\"article:modified_time\" content=\"2025-03-16T18:32:33+00:00\" \/>\n<meta property=\"og:image\" content=\"https:\/\/gyor.lutheran.hu\/wp-content\/uploads\/2025\/03\/DSC_9903.jpg\" \/>\n\t<meta property=\"og:image:width\" content=\"2153\" \/>\n\t<meta property=\"og:image:height\" content=\"1884\" \/>\n\t<meta property=\"og:image:type\" content=\"image\/jpeg\" \/>\n<meta name=\"twitter:card\" content=\"summary_large_image\" \/>\n<meta name=\"twitter:label1\" content=\"Becs\u00fclt olvas\u00e1si id\u0151\" \/>\n\t<meta name=\"twitter:data1\" content=\"5 perc\" \/>\n<script type=\"application\/ld+json\" class=\"yoast-schema-graph\">{\"@context\":\"https:\\\/\\\/schema.org\",\"@graph\":[{\"@type\":\"WebPage\",\"@id\":\"https:\\\/\\\/gyor.lutheran.hu\\\/?page_id=377\",\"url\":\"https:\\\/\\\/gyor.lutheran.hu\\\/?page_id=377\",\"name\":\"\u00d6ttev\u00e9nyi Evang\u00e9likus Templom - Gy\u0151ri Evang\u00e9likus Egyh\u00e1zk\u00f6zs\u00e9g\",\"isPartOf\":{\"@id\":\"https:\\\/\\\/gyor.lutheran.hu\\\/#website\"},\"primaryImageOfPage\":{\"@id\":\"https:\\\/\\\/gyor.lutheran.hu\\\/?page_id=377#primaryimage\"},\"image\":{\"@id\":\"https:\\\/\\\/gyor.lutheran.hu\\\/?page_id=377#primaryimage\"},\"thumbnailUrl\":\"https:\\\/\\\/gyor.lutheran.hu\\\/wp-content\\\/uploads\\\/2025\\\/03\\\/DSC_9903-1024x896.jpg\",\"datePublished\":\"2025-03-11T21:27:26+00:00\",\"dateModified\":\"2025-03-16T18:32:33+00:00\",\"breadcrumb\":{\"@id\":\"https:\\\/\\\/gyor.lutheran.hu\\\/?page_id=377#breadcrumb\"},\"inLanguage\":\"hu\",\"potentialAction\":[{\"@type\":\"ReadAction\",\"target\":[\"https:\\\/\\\/gyor.lutheran.hu\\\/?page_id=377\"]}]},{\"@type\":\"ImageObject\",\"inLanguage\":\"hu\",\"@id\":\"https:\\\/\\\/gyor.lutheran.hu\\\/?page_id=377#primaryimage\",\"url\":\"https:\\\/\\\/gyor.lutheran.hu\\\/wp-content\\\/uploads\\\/2025\\\/03\\\/DSC_9903.jpg\",\"contentUrl\":\"https:\\\/\\\/gyor.lutheran.hu\\\/wp-content\\\/uploads\\\/2025\\\/03\\\/DSC_9903.jpg\",\"width\":2153,\"height\":1884},{\"@type\":\"BreadcrumbList\",\"@id\":\"https:\\\/\\\/gyor.lutheran.hu\\\/?page_id=377#breadcrumb\",\"itemListElement\":[{\"@type\":\"ListItem\",\"position\":1,\"name\":\"Home\",\"item\":\"https:\\\/\\\/gyor.lutheran.hu\\\/\"},{\"@type\":\"ListItem\",\"position\":2,\"name\":\"R\u00f3lunk\",\"item\":\"https:\\\/\\\/gyor.lutheran.hu\\\/?page_id=18\"},{\"@type\":\"ListItem\",\"position\":3,\"name\":\"Templomaink\",\"item\":\"https:\\\/\\\/gyor.lutheran.hu\\\/?page_id=26\"},{\"@type\":\"ListItem\",\"position\":4,\"name\":\"\u00d6ttev\u00e9nyi Evang\u00e9likus Templom\"}]},{\"@type\":\"WebSite\",\"@id\":\"https:\\\/\\\/gyor.lutheran.hu\\\/#website\",\"url\":\"https:\\\/\\\/gyor.lutheran.hu\\\/\",\"name\":\"Gy\u0151ri Evang\u00e9likus Egyh\u00e1zk\u00f6zs\u00e9g\",\"description\":\"\",\"publisher\":{\"@id\":\"https:\\\/\\\/gyor.lutheran.hu\\\/#organization\"},\"potentialAction\":[{\"@type\":\"SearchAction\",\"target\":{\"@type\":\"EntryPoint\",\"urlTemplate\":\"https:\\\/\\\/gyor.lutheran.hu\\\/?s={search_term_string}\"},\"query-input\":{\"@type\":\"PropertyValueSpecification\",\"valueRequired\":true,\"valueName\":\"search_term_string\"}}],\"inLanguage\":\"hu\"},{\"@type\":\"Organization\",\"@id\":\"https:\\\/\\\/gyor.lutheran.hu\\\/#organization\",\"name\":\"Gy\u0151ri Evang\u00e9likus Egyh\u00e1zk\u00f6zs\u00e9g\",\"url\":\"https:\\\/\\\/gyor.lutheran.hu\\\/\",\"logo\":{\"@type\":\"ImageObject\",\"inLanguage\":\"hu\",\"@id\":\"https:\\\/\\\/gyor.lutheran.hu\\\/#\\\/schema\\\/logo\\\/image\\\/\",\"url\":\"https:\\\/\\\/gyor.lutheran.hu\\\/wp-content\\\/uploads\\\/2025\\\/02\\\/logo.jpg\",\"contentUrl\":\"https:\\\/\\\/gyor.lutheran.hu\\\/wp-content\\\/uploads\\\/2025\\\/02\\\/logo.jpg\",\"width\":160,\"height\":160,\"caption\":\"Gy\u0151ri Evang\u00e9likus Egyh\u00e1zk\u00f6zs\u00e9g\"},\"image\":{\"@id\":\"https:\\\/\\\/gyor.lutheran.hu\\\/#\\\/schema\\\/logo\\\/image\\\/\"},\"sameAs\":[\"https:\\\/\\\/www.facebook.com\\\/profile.php?id=100064848424606\"]}]}<\/script>\n<!-- \/ Yoast SEO plugin. -->","yoast_head_json":{"title":"\u00d6ttev\u00e9nyi Evang\u00e9likus Templom - Gy\u0151ri Evang\u00e9likus Egyh\u00e1zk\u00f6zs\u00e9g","robots":{"index":"index","follow":"follow","max-snippet":"max-snippet:-1","max-image-preview":"max-image-preview:large","max-video-preview":"max-video-preview:-1"},"canonical":"https:\/\/gyor.lutheran.hu\/?page_id=377","og_locale":"hu_HU","og_type":"article","og_title":"\u00d6ttev\u00e9nyi Evang\u00e9likus Templom - Gy\u0151ri Evang\u00e9likus Egyh\u00e1zk\u00f6zs\u00e9g","og_description":"C\u00edm: 9153 \u00d6ttev\u00e9ny, Pet\u0151fi S\u00e1ndor u. 2. \u00a0 \u00a0 \u00a0 \u00a0 \u00a0 \u00a0 \u00a0 \u00a0 \u00a0 \u00a0 \u00a0 \u00a0 \u00a0 \u00a0 \u00a0 \u00a0 \u00a0 \u00a0 \u00a0 \u00a0 \u00a0 \u00a0 \u00a0 \u00a0 \u00a0 \u00a0 \u00a0 Irodai el\u00e9rhet\u0151s\u00e9g: Gy\u0151ri Evang\u00e9likus Egyh\u00e1zk\u00f6zs\u00e9g 9026 Gy\u0151r, Pet\u0151fi t\u00e9r 2. &#8211; 06\/20\/824-8101 Istentisztelet: minden h\u00f3nap 2. \u00e9s 4. vas\u00e1rnapj\u00e1n 8:30&nbsp; &nbsp;PRESBITEREK: [&hellip;]","og_url":"https:\/\/gyor.lutheran.hu\/?page_id=377","og_site_name":"Gy\u0151ri Evang\u00e9likus Egyh\u00e1zk\u00f6zs\u00e9g","article_publisher":"https:\/\/www.facebook.com\/profile.php?id=100064848424606","article_modified_time":"2025-03-16T18:32:33+00:00","og_image":[{"width":2153,"height":1884,"url":"https:\/\/gyor.lutheran.hu\/wp-content\/uploads\/2025\/03\/DSC_9903.jpg","type":"image\/jpeg"}],"twitter_card":"summary_large_image","twitter_misc":{"Becs\u00fclt olvas\u00e1si id\u0151":"5 perc"},"schema":{"@context":"https:\/\/schema.org","@graph":[{"@type":"WebPage","@id":"https:\/\/gyor.lutheran.hu\/?page_id=377","url":"https:\/\/gyor.lutheran.hu\/?page_id=377","name":"\u00d6ttev\u00e9nyi Evang\u00e9likus Templom - Gy\u0151ri Evang\u00e9likus Egyh\u00e1zk\u00f6zs\u00e9g","isPartOf":{"@id":"https:\/\/gyor.lutheran.hu\/#website"},"primaryImageOfPage":{"@id":"https:\/\/gyor.lutheran.hu\/?page_id=377#primaryimage"},"image":{"@id":"https:\/\/gyor.lutheran.hu\/?page_id=377#primaryimage"},"thumbnailUrl":"https:\/\/gyor.lutheran.hu\/wp-content\/uploads\/2025\/03\/DSC_9903-1024x896.jpg","datePublished":"2025-03-11T21:27:26+00:00","dateModified":"2025-03-16T18:32:33+00:00","breadcrumb":{"@id":"https:\/\/gyor.lutheran.hu\/?page_id=377#breadcrumb"},"inLanguage":"hu","potentialAction":[{"@type":"ReadAction","target":["https:\/\/gyor.lutheran.hu\/?page_id=377"]}]},{"@type":"ImageObject","inLanguage":"hu","@id":"https:\/\/gyor.lutheran.hu\/?page_id=377#primaryimage","url":"https:\/\/gyor.lutheran.hu\/wp-content\/uploads\/2025\/03\/DSC_9903.jpg","contentUrl":"https:\/\/gyor.lutheran.hu\/wp-content\/uploads\/2025\/03\/DSC_9903.jpg","width":2153,"height":1884},{"@type":"BreadcrumbList","@id":"https:\/\/gyor.lutheran.hu\/?page_id=377#breadcrumb","itemListElement":[{"@type":"ListItem","position":1,"name":"Home","item":"https:\/\/gyor.lutheran.hu\/"},{"@type":"ListItem","position":2,"name":"R\u00f3lunk","item":"https:\/\/gyor.lutheran.hu\/?page_id=18"},{"@type":"ListItem","position":3,"name":"Templomaink","item":"https:\/\/gyor.lutheran.hu\/?page_id=26"},{"@type":"ListItem","position":4,"name":"\u00d6ttev\u00e9nyi Evang\u00e9likus Templom"}]},{"@type":"WebSite","@id":"https:\/\/gyor.lutheran.hu\/#website","url":"https:\/\/gyor.lutheran.hu\/","name":"Gy\u0151ri Evang\u00e9likus Egyh\u00e1zk\u00f6zs\u00e9g","description":"","publisher":{"@id":"https:\/\/gyor.lutheran.hu\/#organization"},"potentialAction":[{"@type":"SearchAction","target":{"@type":"EntryPoint","urlTemplate":"https:\/\/gyor.lutheran.hu\/?s={search_term_string}"},"query-input":{"@type":"PropertyValueSpecification","valueRequired":true,"valueName":"search_term_string"}}],"inLanguage":"hu"},{"@type":"Organization","@id":"https:\/\/gyor.lutheran.hu\/#organization","name":"Gy\u0151ri Evang\u00e9likus Egyh\u00e1zk\u00f6zs\u00e9g","url":"https:\/\/gyor.lutheran.hu\/","logo":{"@type":"ImageObject","inLanguage":"hu","@id":"https:\/\/gyor.lutheran.hu\/#\/schema\/logo\/image\/","url":"https:\/\/gyor.lutheran.hu\/wp-content\/uploads\/2025\/02\/logo.jpg","contentUrl":"https:\/\/gyor.lutheran.hu\/wp-content\/uploads\/2025\/02\/logo.jpg","width":160,"height":160,"caption":"Gy\u0151ri Evang\u00e9likus Egyh\u00e1zk\u00f6zs\u00e9g"},"image":{"@id":"https:\/\/gyor.lutheran.hu\/#\/schema\/logo\/image\/"},"sameAs":["https:\/\/www.facebook.com\/profile.php?id=100064848424606"]}]}},"_links":{"self":[{"href":"https:\/\/gyor.lutheran.hu\/index.php?rest_route=\/wp\/v2\/pages\/377","targetHints":{"allow":["GET"]}}],"collection":[{"href":"https:\/\/gyor.lutheran.hu\/index.php?rest_route=\/wp\/v2\/pages"}],"about":[{"href":"https:\/\/gyor.lutheran.hu\/index.php?rest_route=\/wp\/v2\/types\/page"}],"author":[{"embeddable":true,"href":"https:\/\/gyor.lutheran.hu\/index.php?rest_route=\/wp\/v2\/users\/1"}],"replies":[{"embeddable":true,"href":"https:\/\/gyor.lutheran.hu\/index.php?rest_route=%2Fwp%2Fv2%2Fcomments&post=377"}],"version-history":[{"count":5,"href":"https:\/\/gyor.lutheran.hu\/index.php?rest_route=\/wp\/v2\/pages\/377\/revisions"}],"predecessor-version":[{"id":461,"href":"https:\/\/gyor.lutheran.hu\/index.php?rest_route=\/wp\/v2\/pages\/377\/revisions\/461"}],"up":[{"embeddable":true,"href":"https:\/\/gyor.lutheran.hu\/index.php?rest_route=\/wp\/v2\/pages\/26"}],"wp:attachment":[{"href":"https:\/\/gyor.lutheran.hu\/index.php?rest_route=%2Fwp%2Fv2%2Fmedia&parent=377"}],"curies":[{"name":"wp","href":"https:\/\/api.w.org\/{rel}","templated":true}]}}