{"id":9,"date":"2025-02-25T21:44:31","date_gmt":"2025-02-25T21:44:31","guid":{"rendered":"https:\/\/gyorteszt.lutheran.hu\/wordpress\/?page_id=9"},"modified":"2025-03-16T19:37:08","modified_gmt":"2025-03-16T18:37:08","slug":"tisztsegviselok","status":"publish","type":"page","link":"https:\/\/gyor.lutheran.hu\/?page_id=9","title":{"rendered":"Tiszts\u00e9gvisel\u0151k"},"content":{"rendered":"\n<p><strong>Lelk\u00e9szek:<\/strong><\/p>\n\n\n\n<ul class=\"wp-block-list\">\n<li>Vancsai J\u00f3zsef igazgat\u00f3 lelk\u00e9sz (Gy\u0151r-n\u00e1dorv\u00e1rosi Evang\u00e9likus Templom)<\/li>\n\n\n\n<li>Csorba J\u00e1nos par\u00f3kus lelk\u00e9sz (Evang\u00e9likus \u00d6regtemplom)<\/li>\n\n\n\n<li>J\u00e1nosa Attila par\u00f3kus lelk\u00e9sz (Evang\u00e9likus \u00d6regtemplom)<\/li>\n\n\n\n<li>Mesterh\u00e1zy Zsuzsanna par\u00f3kus lelk\u00e9sz (Gy\u0151r-n\u00e1dorv\u00e1rosi Evang\u00e9likus Templom)<\/li>\n\n\n\n<li>Csorb\u00e1n\u00e9 Farkas Zs\u00f3fia iskolalelk\u00e9sz<\/li>\n<\/ul>\n\n\n\n<p><strong>Egyh\u00e1zfik:<\/strong><\/p>\n\n\n\n<ul class=\"wp-block-list\">\n<li>B\u00e1lint K\u00e1rolyn\u00e9 (Evang\u00e9likus \u00d6regtemplom)<\/li>\n\n\n\n<li>Cseh Gizella: (Gy\u0151r-n\u00e1dorv\u00e1rosi Evang\u00e9likus Templom)<\/li>\n<\/ul>\n\n\n\n<p><strong>K\u00e1ntorok:<\/strong><\/p>\n\n\n\n<ul class=\"wp-block-list\">\n<li>V\u00e1ray Tam\u00e1s (Evang\u00e9likus \u00d6regtemplom)<\/li>\n\n\n\n<li>P\u00e1lmay Krist\u00f3f (Evang\u00e9likus \u00d6regtemplom)<\/li>\n\n\n\n<li>Kov\u00e1csn\u00e9 Szomor\u00fa M\u00e1rta: (Gy\u0151r-n\u00e1dorv\u00e1rosi Evang\u00e9likus Templom)<\/li>\n<\/ul>\n\n\n\n<h4 class=\"wp-block-heading\">&nbsp;<\/h4>\n\n\n\n<h2 class=\"wp-block-heading\">A 2024. \u00e1prilis 7-i v\u00e1laszt\u00f3 k\u00f6zgy\u0171l\u00e9sek eredm\u00e9nyi szerint gy\u00fclekezet\u00fcnk \u00fajonnan megv\u00e1lasztott tiszts\u00e9gvisel\u0151i:<\/h2>\n\n\n\n<p><strong>Fel\u00fcgyel\u0151:&nbsp;<\/strong><\/p>\n\n\n\n<ul class=\"wp-block-list\">\n<li>Dr. Szab\u00f3 K\u00e1lm\u00e1n<\/li>\n<\/ul>\n\n\n\n<p><strong>M\u00e1sodfel\u00fcgyel\u0151:&nbsp; &nbsp; &nbsp; &nbsp; &nbsp; &nbsp; &nbsp;<\/strong><\/p>\n\n\n\n<ul class=\"wp-block-list\">\n<li>Dr. N\u00e9meth P\u00e9ter<\/li>\n\n\n\n<li>Major Zsuzsa&nbsp; &nbsp; &nbsp; &nbsp; &nbsp; &nbsp; &nbsp; &nbsp; &nbsp; &nbsp;&nbsp;<\/li>\n\n\n\n<li>ifj. Pula L\u00e1szl\u00f3<\/li>\n\n\n\n<li>Ungern\u00e9 Dr. P\u00e1li Andrea<\/li>\n<\/ul>\n\n\n\n<p><strong>Presbiter:&nbsp; &nbsp; &nbsp; &nbsp; &nbsp; &nbsp; &nbsp; &nbsp; &nbsp; &nbsp; &nbsp; &nbsp;<\/strong><\/p>\n\n\n\n<ul class=\"wp-block-list\">\n<li>\u00c1cs Zolt\u00e1n<\/li>\n\n\n\n<li>Cserm\u00e1k Orsolya<\/li>\n\n\n\n<li>Csorb\u00e1n\u00e9 Farkas Zs\u00f3fia Anna<\/li>\n\n\n\n<li>Dr. Lakatosn\u00e9 Dr. Nov\u00e1k \u00c9va<\/li>\n\n\n\n<li>Feket\u00e9n\u00e9 Kov\u00e1cs Zsuzsa<\/li>\n\n\n\n<li>Fodorn\u00e9 B\u00f6jt\u00f6s Krisztina<\/li>\n\n\n\n<li>Hidegh Lajosn\u00e9 Dr. Bereczky Judit<\/li>\n\n\n\n<li>Hodvogner Istv\u00e1n<\/li>\n\n\n\n<li>Hodvogner Zolt\u00e1n<\/li>\n\n\n\n<li>Nagy R\u00f3bert<\/li>\n\n\n\n<li>N\u00e9meth Adrienn<\/li>\n\n\n\n<li>Niederland Zs\u00f3fia<\/li>\n\n\n\n<li>Nikln\u00e9 Dombi Katalin<\/li>\n\n\n\n<li>Pint\u00e9r Zsuzsanna<\/li>\n\n\n\n<li>Pul\u00e1n\u00e9 Jerabek Ivett<\/li>\n\n\n\n<li>Szalontai B\u00e1lint<\/li>\n\n\n\n<li>Szalontai Jen\u0151n\u00e9<\/li>\n\n\n\n<li>Tolnayn\u00e9 Dob\u00f3 Eszter<\/li>\n\n\n\n<li>V\u00e1ray Tam\u00e1s<\/li>\n\n\n\n<li>Zatyk\u00f3 Mikl\u00f3s<\/li>\n<\/ul>\n\n\n\n<p>&nbsp;<strong>K\u00e9pvisel\u0151test\u00fclet:<\/strong><\/p>\n\n\n\n<ul class=\"wp-block-list\">\n<li>Bejczy P\u00e9ter<\/li>\n\n\n\n<li>Berecz P\u00e1l<\/li>\n\n\n\n<li>Bereczky Judit Anna<\/li>\n\n\n\n<li>B\u00f3ka Zolt\u00e1n<\/li>\n\n\n\n<li>Burcz Tam\u00e1s<\/li>\n\n\n\n<li>Doma Zolt\u00e1n<\/li>\n\n\n\n<li>Dombi Attila<\/li>\n\n\n\n<li>Dr. Birk\u00e1s Antal<\/li>\n\n\n\n<li>Falu Tam\u00e1s<\/li>\n\n\n\n<li>Fekete-Dombi \u00c9va<\/li>\n\n\n\n<li>Fekete Gyula<\/li>\n\n\n\n<li>Hodvogner Anik\u00f3<\/li>\n\n\n\n<li>Horv\u00e1th P\u00e1l<\/li>\n\n\n\n<li>Horv\u00e1th Tiborn\u00e9<\/li>\n\n\n\n<li>ifj. Farnady L\u00e1szl\u00f3<\/li>\n\n\n\n<li>F\u00f3di-Szalontai Zs\u00f3fia<\/li>\n\n\n\n<li>Ill\u00e9s Ibolya<\/li>\n\n\n\n<li>Dr. K\u0151v\u00e1ri-Horv\u00e1th M\u00e1rta<\/li>\n\n\n\n<li>Nagy Imre<\/li>\n\n\n\n<li>Nagy Zsuzsanna<\/li>\n\n\n\n<li>Nikl \u00c1gota<\/li>\n\n\n\n<li>P\u00e1lmay Krist\u00f3f<\/li>\n\n\n\n<li>Pozsgai Eszter<\/li>\n\n\n\n<li>Pula Bal\u00e1zs<\/li>\n\n\n\n<li>Pula D\u00e1niel<\/li>\n\n\n\n<li>Szab\u00f3 Csilla<\/li>\n\n\n\n<li>Szil\u00e1gyin\u00e9 Doma J\u00falia<\/li>\n\n\n\n<li>T\u00f3th-Szilasi Kl\u00e1ra<\/li>\n\n\n\n<li>Varga J\u00e1nos<\/li>\n\n\n\n<li>V\u00edgh Attila<\/li>\n<\/ul>\n\n\n\n<p><strong>Gondnok:<\/strong><\/p>\n\n\n\n<ul class=\"wp-block-list\">\n<li>Kov\u00e1cs Attila<\/li>\n\n\n\n<li>N\u00e9meth K\u00e1roly<\/li>\n\n\n\n<li>Polg\u00e1r Zolt\u00e1n<\/li>\n\n\n\n<li>Unger Ferenc<\/li>\n<\/ul>\n\n\n\n<p><strong>Jegyz\u0151:&nbsp; &nbsp; &nbsp; &nbsp; &nbsp; &nbsp; &nbsp; &nbsp; &nbsp; &nbsp; &nbsp; &nbsp; &nbsp; &nbsp; &nbsp;<\/strong><\/p>\n\n\n\n<ul class=\"wp-block-list\">\n<li>Dr. Nov\u00e1k T\u00fcnde Merc\u00e9desz<\/li>\n<\/ul>\n\n\n\n<p><strong>Sz\u00e1mvev\u0151sz\u00e9ki eln\u00f6k:&nbsp; &nbsp; &nbsp;<\/strong><\/p>\n\n\n\n<ul class=\"wp-block-list\">\n<li>P\u00e1link\u00e1s Szabolcs<\/li>\n<\/ul>\n\n\n\n<p><strong>Sz\u00e1mvev\u0151sz\u00e9ki tag:&nbsp; &nbsp; &nbsp; &nbsp; &nbsp;<\/strong><\/p>\n\n\n\n<ul class=\"wp-block-list\">\n<li>B\u00e1r\u00e1ny Istv\u00e1n<\/li>\n\n\n\n<li>Dr. T\u00f3th \u00c1rp\u00e1d<\/li>\n\n\n\n<li>Hodvognern\u00e9 Mih\u00e1csi Ildik\u00f3<\/li>\n<\/ul>\n\n\n\n<p><strong>P\u00e9nzt\u00e1ros:<\/strong><\/p>\n\n\n\n<ul class=\"wp-block-list\">\n<li>Szab\u00f3-M\u00e1rkus Erika&nbsp;<\/li>\n<\/ul>\n\n\n\n<p><strong>Jel\u00f6l\u0151bizotts\u00e1g:&nbsp; &nbsp; &nbsp; &nbsp; &nbsp; &nbsp; &nbsp; &nbsp;<\/strong><\/p>\n\n\n\n<ul class=\"wp-block-list\">\n<li>Dr. Ih\u00e1sz S\u00e1ndor<\/li>\n\n\n\n<li>Nikln\u00e9 Dombi Katalin<\/li>\n\n\n\n<li>Ungern\u00e9 Dr. P\u00e1li Andrea<\/li>\n<\/ul>\n\n\n\n<p><strong>Egyh\u00e1zmegyei k\u00fcld\u00f6tt:&nbsp; &nbsp; &nbsp;<\/strong><\/p>\n\n\n\n<ul class=\"wp-block-list\">\n<li>Dr. Ih\u00e1sz S\u00e1ndor<\/li>\n\n\n\n<li>Dr. Szilv\u00e1syn\u00e9 Peregi Eszter<\/li>\n\n\n\n<li>Horv\u00e1th Katalin<\/li>\n<\/ul>\n\n\n\n<p>Isten \u00e1ld\u00e1s\u00e1t k\u00e9rj\u00fck munk\u00e1jukra!<\/p>\n","protected":false},"excerpt":{"rendered":"<p>Lelk\u00e9szek: Egyh\u00e1zfik: K\u00e1ntorok: &nbsp; A 2024. \u00e1prilis 7-i v\u00e1laszt\u00f3 k\u00f6zgy\u0171l\u00e9sek eredm\u00e9nyi szerint gy\u00fclekezet\u00fcnk \u00fajonnan megv\u00e1lasztott tiszts\u00e9gvisel\u0151i: Fel\u00fcgyel\u0151:&nbsp; M\u00e1sodfel\u00fcgyel\u0151:&nbsp; &nbsp; &nbsp; &nbsp; &nbsp; &nbsp; &nbsp; Presbiter:&nbsp; &nbsp; &nbsp; &nbsp; &nbsp; &nbsp; &nbsp; &nbsp; &nbsp; &nbsp; &nbsp; &nbsp; &nbsp;K\u00e9pvisel\u0151test\u00fclet: Gondnok: Jegyz\u0151:&nbsp; &nbsp; &nbsp; &nbsp; &nbsp; &nbsp; &nbsp; &nbsp; &nbsp; &nbsp; &nbsp; &nbsp; &nbsp; &nbsp; &nbsp; Sz\u00e1mvev\u0151sz\u00e9ki eln\u00f6k:&nbsp; [&hellip;]<\/p>\n","protected":false},"author":1,"featured_media":0,"parent":18,"menu_order":40,"comment_status":"closed","ping_status":"closed","template":"","meta":{"footnotes":""},"class_list":["post-9","page","type-page","status-publish","hentry"],"yoast_head":"<!-- This site is optimized with the Yoast SEO plugin v27.5 - https:\/\/yoast.com\/product\/yoast-seo-wordpress\/ -->\n<title>Tiszts\u00e9gvisel\u0151k - Gy\u0151ri Evang\u00e9likus Egyh\u00e1zk\u00f6zs\u00e9g<\/title>\n<meta name=\"robots\" content=\"index, follow, max-snippet:-1, max-image-preview:large, max-video-preview:-1\" \/>\n<link rel=\"canonical\" href=\"https:\/\/gyor.lutheran.hu\/?page_id=9\" \/>\n<meta property=\"og:locale\" content=\"hu_HU\" \/>\n<meta property=\"og:type\" content=\"article\" \/>\n<meta property=\"og:title\" content=\"Tiszts\u00e9gvisel\u0151k - Gy\u0151ri Evang\u00e9likus Egyh\u00e1zk\u00f6zs\u00e9g\" \/>\n<meta property=\"og:description\" content=\"Lelk\u00e9szek: Egyh\u00e1zfik: K\u00e1ntorok: &nbsp; A 2024. \u00e1prilis 7-i v\u00e1laszt\u00f3 k\u00f6zgy\u0171l\u00e9sek eredm\u00e9nyi szerint gy\u00fclekezet\u00fcnk \u00fajonnan megv\u00e1lasztott tiszts\u00e9gvisel\u0151i: Fel\u00fcgyel\u0151:&nbsp; M\u00e1sodfel\u00fcgyel\u0151:&nbsp; &nbsp; &nbsp; &nbsp; &nbsp; &nbsp; &nbsp; Presbiter:&nbsp; &nbsp; &nbsp; &nbsp; &nbsp; &nbsp; &nbsp; &nbsp; &nbsp; &nbsp; &nbsp; &nbsp; &nbsp;K\u00e9pvisel\u0151test\u00fclet: Gondnok: Jegyz\u0151:&nbsp; &nbsp; &nbsp; &nbsp; &nbsp; &nbsp; &nbsp; &nbsp; &nbsp; &nbsp; &nbsp; &nbsp; &nbsp; &nbsp; &nbsp; Sz\u00e1mvev\u0151sz\u00e9ki eln\u00f6k:&nbsp; [&hellip;]\" \/>\n<meta property=\"og:url\" content=\"https:\/\/gyor.lutheran.hu\/?page_id=9\" \/>\n<meta property=\"og:site_name\" content=\"Gy\u0151ri Evang\u00e9likus Egyh\u00e1zk\u00f6zs\u00e9g\" \/>\n<meta property=\"article:publisher\" content=\"https:\/\/www.facebook.com\/profile.php?id=100064848424606\" \/>\n<meta property=\"article:modified_time\" content=\"2025-03-16T18:37:08+00:00\" \/>\n<meta name=\"twitter:card\" content=\"summary_large_image\" \/>\n<meta name=\"twitter:label1\" content=\"Becs\u00fclt olvas\u00e1si id\u0151\" \/>\n\t<meta name=\"twitter:data1\" content=\"2 perc\" \/>\n<script type=\"application\/ld+json\" class=\"yoast-schema-graph\">{\"@context\":\"https:\\\/\\\/schema.org\",\"@graph\":[{\"@type\":\"WebPage\",\"@id\":\"https:\\\/\\\/gyor.lutheran.hu\\\/?page_id=9\",\"url\":\"https:\\\/\\\/gyor.lutheran.hu\\\/?page_id=9\",\"name\":\"Tiszts\u00e9gvisel\u0151k - Gy\u0151ri Evang\u00e9likus Egyh\u00e1zk\u00f6zs\u00e9g\",\"isPartOf\":{\"@id\":\"https:\\\/\\\/gyor.lutheran.hu\\\/#website\"},\"datePublished\":\"2025-02-25T21:44:31+00:00\",\"dateModified\":\"2025-03-16T18:37:08+00:00\",\"breadcrumb\":{\"@id\":\"https:\\\/\\\/gyor.lutheran.hu\\\/?page_id=9#breadcrumb\"},\"inLanguage\":\"hu\",\"potentialAction\":[{\"@type\":\"ReadAction\",\"target\":[\"https:\\\/\\\/gyor.lutheran.hu\\\/?page_id=9\"]}]},{\"@type\":\"BreadcrumbList\",\"@id\":\"https:\\\/\\\/gyor.lutheran.hu\\\/?page_id=9#breadcrumb\",\"itemListElement\":[{\"@type\":\"ListItem\",\"position\":1,\"name\":\"Home\",\"item\":\"https:\\\/\\\/gyor.lutheran.hu\\\/\"},{\"@type\":\"ListItem\",\"position\":2,\"name\":\"R\u00f3lunk\",\"item\":\"https:\\\/\\\/gyor.lutheran.hu\\\/?page_id=18\"},{\"@type\":\"ListItem\",\"position\":3,\"name\":\"Tiszts\u00e9gvisel\u0151k\"}]},{\"@type\":\"WebSite\",\"@id\":\"https:\\\/\\\/gyor.lutheran.hu\\\/#website\",\"url\":\"https:\\\/\\\/gyor.lutheran.hu\\\/\",\"name\":\"Gy\u0151ri Evang\u00e9likus Egyh\u00e1zk\u00f6zs\u00e9g\",\"description\":\"\",\"publisher\":{\"@id\":\"https:\\\/\\\/gyor.lutheran.hu\\\/#organization\"},\"potentialAction\":[{\"@type\":\"SearchAction\",\"target\":{\"@type\":\"EntryPoint\",\"urlTemplate\":\"https:\\\/\\\/gyor.lutheran.hu\\\/?s={search_term_string}\"},\"query-input\":{\"@type\":\"PropertyValueSpecification\",\"valueRequired\":true,\"valueName\":\"search_term_string\"}}],\"inLanguage\":\"hu\"},{\"@type\":\"Organization\",\"@id\":\"https:\\\/\\\/gyor.lutheran.hu\\\/#organization\",\"name\":\"Gy\u0151ri Evang\u00e9likus Egyh\u00e1zk\u00f6zs\u00e9g\",\"url\":\"https:\\\/\\\/gyor.lutheran.hu\\\/\",\"logo\":{\"@type\":\"ImageObject\",\"inLanguage\":\"hu\",\"@id\":\"https:\\\/\\\/gyor.lutheran.hu\\\/#\\\/schema\\\/logo\\\/image\\\/\",\"url\":\"https:\\\/\\\/gyor.lutheran.hu\\\/wp-content\\\/uploads\\\/2025\\\/02\\\/logo.jpg\",\"contentUrl\":\"https:\\\/\\\/gyor.lutheran.hu\\\/wp-content\\\/uploads\\\/2025\\\/02\\\/logo.jpg\",\"width\":160,\"height\":160,\"caption\":\"Gy\u0151ri Evang\u00e9likus Egyh\u00e1zk\u00f6zs\u00e9g\"},\"image\":{\"@id\":\"https:\\\/\\\/gyor.lutheran.hu\\\/#\\\/schema\\\/logo\\\/image\\\/\"},\"sameAs\":[\"https:\\\/\\\/www.facebook.com\\\/profile.php?id=100064848424606\"]}]}<\/script>\n<!-- \/ Yoast SEO plugin. -->","yoast_head_json":{"title":"Tiszts\u00e9gvisel\u0151k - Gy\u0151ri Evang\u00e9likus Egyh\u00e1zk\u00f6zs\u00e9g","robots":{"index":"index","follow":"follow","max-snippet":"max-snippet:-1","max-image-preview":"max-image-preview:large","max-video-preview":"max-video-preview:-1"},"canonical":"https:\/\/gyor.lutheran.hu\/?page_id=9","og_locale":"hu_HU","og_type":"article","og_title":"Tiszts\u00e9gvisel\u0151k - Gy\u0151ri Evang\u00e9likus Egyh\u00e1zk\u00f6zs\u00e9g","og_description":"Lelk\u00e9szek: Egyh\u00e1zfik: K\u00e1ntorok: &nbsp; A 2024. \u00e1prilis 7-i v\u00e1laszt\u00f3 k\u00f6zgy\u0171l\u00e9sek eredm\u00e9nyi szerint gy\u00fclekezet\u00fcnk \u00fajonnan megv\u00e1lasztott tiszts\u00e9gvisel\u0151i: Fel\u00fcgyel\u0151:&nbsp; M\u00e1sodfel\u00fcgyel\u0151:&nbsp; &nbsp; &nbsp; &nbsp; &nbsp; &nbsp; &nbsp; Presbiter:&nbsp; &nbsp; &nbsp; &nbsp; &nbsp; &nbsp; &nbsp; &nbsp; &nbsp; &nbsp; &nbsp; &nbsp; &nbsp;K\u00e9pvisel\u0151test\u00fclet: Gondnok: Jegyz\u0151:&nbsp; &nbsp; &nbsp; &nbsp; &nbsp; &nbsp; &nbsp; &nbsp; &nbsp; &nbsp; &nbsp; &nbsp; &nbsp; &nbsp; &nbsp; Sz\u00e1mvev\u0151sz\u00e9ki eln\u00f6k:&nbsp; [&hellip;]","og_url":"https:\/\/gyor.lutheran.hu\/?page_id=9","og_site_name":"Gy\u0151ri Evang\u00e9likus Egyh\u00e1zk\u00f6zs\u00e9g","article_publisher":"https:\/\/www.facebook.com\/profile.php?id=100064848424606","article_modified_time":"2025-03-16T18:37:08+00:00","twitter_card":"summary_large_image","twitter_misc":{"Becs\u00fclt olvas\u00e1si id\u0151":"2 perc"},"schema":{"@context":"https:\/\/schema.org","@graph":[{"@type":"WebPage","@id":"https:\/\/gyor.lutheran.hu\/?page_id=9","url":"https:\/\/gyor.lutheran.hu\/?page_id=9","name":"Tiszts\u00e9gvisel\u0151k - Gy\u0151ri Evang\u00e9likus Egyh\u00e1zk\u00f6zs\u00e9g","isPartOf":{"@id":"https:\/\/gyor.lutheran.hu\/#website"},"datePublished":"2025-02-25T21:44:31+00:00","dateModified":"2025-03-16T18:37:08+00:00","breadcrumb":{"@id":"https:\/\/gyor.lutheran.hu\/?page_id=9#breadcrumb"},"inLanguage":"hu","potentialAction":[{"@type":"ReadAction","target":["https:\/\/gyor.lutheran.hu\/?page_id=9"]}]},{"@type":"BreadcrumbList","@id":"https:\/\/gyor.lutheran.hu\/?page_id=9#breadcrumb","itemListElement":[{"@type":"ListItem","position":1,"name":"Home","item":"https:\/\/gyor.lutheran.hu\/"},{"@type":"ListItem","position":2,"name":"R\u00f3lunk","item":"https:\/\/gyor.lutheran.hu\/?page_id=18"},{"@type":"ListItem","position":3,"name":"Tiszts\u00e9gvisel\u0151k"}]},{"@type":"WebSite","@id":"https:\/\/gyor.lutheran.hu\/#website","url":"https:\/\/gyor.lutheran.hu\/","name":"Gy\u0151ri Evang\u00e9likus Egyh\u00e1zk\u00f6zs\u00e9g","description":"","publisher":{"@id":"https:\/\/gyor.lutheran.hu\/#organization"},"potentialAction":[{"@type":"SearchAction","target":{"@type":"EntryPoint","urlTemplate":"https:\/\/gyor.lutheran.hu\/?s={search_term_string}"},"query-input":{"@type":"PropertyValueSpecification","valueRequired":true,"valueName":"search_term_string"}}],"inLanguage":"hu"},{"@type":"Organization","@id":"https:\/\/gyor.lutheran.hu\/#organization","name":"Gy\u0151ri Evang\u00e9likus Egyh\u00e1zk\u00f6zs\u00e9g","url":"https:\/\/gyor.lutheran.hu\/","logo":{"@type":"ImageObject","inLanguage":"hu","@id":"https:\/\/gyor.lutheran.hu\/#\/schema\/logo\/image\/","url":"https:\/\/gyor.lutheran.hu\/wp-content\/uploads\/2025\/02\/logo.jpg","contentUrl":"https:\/\/gyor.lutheran.hu\/wp-content\/uploads\/2025\/02\/logo.jpg","width":160,"height":160,"caption":"Gy\u0151ri Evang\u00e9likus Egyh\u00e1zk\u00f6zs\u00e9g"},"image":{"@id":"https:\/\/gyor.lutheran.hu\/#\/schema\/logo\/image\/"},"sameAs":["https:\/\/www.facebook.com\/profile.php?id=100064848424606"]}]}},"_links":{"self":[{"href":"https:\/\/gyor.lutheran.hu\/index.php?rest_route=\/wp\/v2\/pages\/9","targetHints":{"allow":["GET"]}}],"collection":[{"href":"https:\/\/gyor.lutheran.hu\/index.php?rest_route=\/wp\/v2\/pages"}],"about":[{"href":"https:\/\/gyor.lutheran.hu\/index.php?rest_route=\/wp\/v2\/types\/page"}],"author":[{"embeddable":true,"href":"https:\/\/gyor.lutheran.hu\/index.php?rest_route=\/wp\/v2\/users\/1"}],"replies":[{"embeddable":true,"href":"https:\/\/gyor.lutheran.hu\/index.php?rest_route=%2Fwp%2Fv2%2Fcomments&post=9"}],"version-history":[{"count":3,"href":"https:\/\/gyor.lutheran.hu\/index.php?rest_route=\/wp\/v2\/pages\/9\/revisions"}],"predecessor-version":[{"id":469,"href":"https:\/\/gyor.lutheran.hu\/index.php?rest_route=\/wp\/v2\/pages\/9\/revisions\/469"}],"up":[{"embeddable":true,"href":"https:\/\/gyor.lutheran.hu\/index.php?rest_route=\/wp\/v2\/pages\/18"}],"wp:attachment":[{"href":"https:\/\/gyor.lutheran.hu\/index.php?rest_route=%2Fwp%2Fv2%2Fmedia&parent=9"}],"curies":[{"name":"wp","href":"https:\/\/api.w.org\/{rel}","templated":true}]}}